{"id":633,"date":"2023-03-20T20:29:16","date_gmt":"2023-03-20T19:29:16","guid":{"rendered":"https:\/\/www.moerikeschule.de\/?page_id=633"},"modified":"2025-07-09T11:31:03","modified_gmt":"2025-07-09T09:31:03","slug":"aktuelles","status":"publish","type":"page","link":"https:\/\/www.moerikeschule.de\/?page_id=633","title":{"rendered":"Aktuelles"},"content":{"rendered":"\n<h2>Schuljahr 2024\/2025<\/h2>\n\n\n\n<h3><br>M\u00f6rikeschule beteiligt sich erneut am SpoSpiTo-Bewegungsprojekt<\/h3>\n\n\n\n<p>Auch in diesem Jahr hat sich die M\u00f6rikeschule mit gro\u00dfer Freude am Projekt \u201eSpoSpiTo \u2013 Sporteln-Spielen-Toben\u201c beteiligt. Ziel dieser bundesweiten Aktion ist es, Kinder zu mehr Bewegung im Alltag zu motivieren \u2013 insbesondere auf dem Schulweg. Statt mit dem Auto gebracht zu werden, sollen die Sch\u00fclerinnen und Sch\u00fcler m\u00f6glichst zu Fu\u00df, mit dem Fahrrad oder dem Roller zur Schule kommen. Damit wird nicht nur die eigene Gesundheit gef\u00f6rdert, sondern auch ein aktiver Beitrag zum Umweltschutz geleistet.<\/p>\n\n\n\n<p>Die M\u00f6rikeschule freut sich \u00fcber das Engagement ihrer Sch\u00fclerinnen und Sch\u00fcler \u2013 und ganz besonders d\u00fcrfen sich in diesem Jahr drei Kinder \u00fcber einen Preis freuen, die im Rahmen des Projekts ausgelost wurden. Wir gratulieren herzlich zu einem Scooter, einem Gutschein von Decathlon sowie einem spannenden Spiel!<\/p>\n\n\n\n<p>Ein gro\u00dfes Dankesch\u00f6n gilt allen Kindern, Eltern und Unterst\u00fctzenden, die dieses wichtige Projekt mitgetragen haben. Gemeinsam machen wir unsere Schulwege sicherer, umweltfreundlicher und bewegter!<\/p>\n\n\n\n<h3>Die M\u00f6rikeschule verabschiedet ihren Hausmeister in den Ruhestand<\/h3>\n\n\n\n<p>Mit einem lachenden und einem weinenden Auge verabschiedete sich die gesamte M\u00f6rikeschule am vergangenen Montag von ihrem langj\u00e4hrigen Hausmeister, Herrn Kapusta. Nach beeindruckenden 31 Jahren an der M\u00f6rikeschule tritt er nun seinen wohlverdienten Ruhestand an.<\/p>\n\n\n\n<p>Bei strahlendem Sonnenschein versammelten sich alle Sch\u00fclerinnen und Sch\u00fcler gemeinsam mit dem Kollegium auf dem Pausenhof, um sich von ihrem Hausmeister zu verabschieden. Dabei wurde kr\u00e4ftig das beliebte M\u00f6rikanerlied gesungen. Kinder, Lehrkr\u00e4fte und Mitarbeitende dankten ihm herzlich f\u00fcr seine unerm\u00fcdliche Arbeit, seine Hilfsbereitschaft und seine freundliche Art, mit der er die Schule \u00fcber Jahrzehnte gepr\u00e4gt hat.<\/p>\n\n\n\n<p>Auch wir als Kollegium m\u00f6chten uns an dieser Stelle noch einmal herzlich, f\u00fcr die vielen wunderbaren Jahre, die gro\u00dfartige Zusammenarbeit und die stets zuverl\u00e4ssige Unterst\u00fctzung bedanken. Herr Kapusta hat diese Schule nicht nur in Schuss gehalten, sondern mit seinem Engagement und Herzblut ma\u00dfgeblich mitgestaltet.<\/p>\n\n\n\n<p>Wir w\u00fcnschen ihm f\u00fcr seinen neuen Lebensabschnitt alles erdenklich Gute, Gesundheit und viele sch\u00f6ne Momente im wohlverdienten Ruhestand!<\/p>\n\n\n\n<figure class=\"wp-block-image size-large\"><img decoding=\"async\" loading=\"lazy\" width=\"1024\" height=\"576\" src=\"data:image\/gif;base64,R0lGODlhAQABAAAAACH5BAEKAAEALAAAAAABAAEAAAICTAEAOw==\" data-layzr=\"https:\/\/www.moerikeschule.de\/wp-content\/uploads\/2025\/07\/image1943047443674-AS_WhatsApp-Image-1024x576.jpeg\" alt=\"\" class=\"wp-image-1097\" data-layzr-srcset=\"https:\/\/www.moerikeschule.de\/wp-content\/uploads\/2025\/07\/image1943047443674-AS_WhatsApp-Image-1024x576.jpeg 1024w, https:\/\/www.moerikeschule.de\/wp-content\/uploads\/2025\/07\/image1943047443674-AS_WhatsApp-Image-300x169.jpeg 300w, https:\/\/www.moerikeschule.de\/wp-content\/uploads\/2025\/07\/image1943047443674-AS_WhatsApp-Image-768x432.jpeg 768w, https:\/\/www.moerikeschule.de\/wp-content\/uploads\/2025\/07\/image1943047443674-AS_WhatsApp-Image-600x338.jpeg 600w, https:\/\/www.moerikeschule.de\/wp-content\/uploads\/2025\/07\/image1943047443674-AS_WhatsApp-Image-1536x864.jpeg 1536w, https:\/\/www.moerikeschule.de\/wp-content\/uploads\/2025\/07\/image1943047443674-AS_WhatsApp-Image.jpeg 2048w\" sizes=\"(max-width: 1024px) 100vw, 1024px\" \/><\/figure>\n\n\n\n<h3>Wiedersehen von Jung und Alt<\/h3>\n\n\n\n<p><br>Der Chor der M\u00f6rikeschule unter der Leitung von Hr. K\u00fcfer besuchte gemeinsam mit der Schulsozialarbeiterin Fr. Schmitz den Seniorenkreis Sondelfingen im Sportheim. Schon seit vielen Jahren findet zweimal im Jahr das Treffen \u201eAlt und Jung\u201c statt, diesmal wurden wieder Weihnachtslieder zur Freude der Anwesenden vorgetragen.<\/p>\n\n\n\n<figure class=\"wp-block-image size-full\"><img decoding=\"async\" loading=\"lazy\" width=\"946\" height=\"450\" src=\"data:image\/gif;base64,R0lGODlhAQABAAAAACH5BAEKAAEALAAAAAABAAEAAAICTAEAOw==\" data-layzr=\"https:\/\/www.moerikeschule.de\/wp-content\/uploads\/2025\/07\/Alt-und-Jung.jpeg\" alt=\"\" class=\"wp-image-1096\" data-layzr-srcset=\"https:\/\/www.moerikeschule.de\/wp-content\/uploads\/2025\/07\/Alt-und-Jung.jpeg 946w, https:\/\/www.moerikeschule.de\/wp-content\/uploads\/2025\/07\/Alt-und-Jung-300x143.jpeg 300w, https:\/\/www.moerikeschule.de\/wp-content\/uploads\/2025\/07\/Alt-und-Jung-768x365.jpeg 768w, https:\/\/www.moerikeschule.de\/wp-content\/uploads\/2025\/07\/Alt-und-Jung-600x285.jpeg 600w\" sizes=\"(max-width: 946px) 100vw, 946px\" \/><\/figure>\n\n\n\n<h3><br>Der Raiba-Adventsbazar 2024 an der M\u00f6rikeschule<\/h3>\n\n\n\n<p>Vergangenen Samstag verwandelte sich die M\u00f6rikeschule in Sondelfingen erneut in ein zauberhaftes Winterwunderland: Der diesj\u00e4hrige Raiba-Adventsbazar lie\u00df Gro\u00df und Klein in eine vorweihnachtliche Welt eintauchen.<\/p>\n\n\n\n<p>Die Vorbereitungen von F\u00f6rderverein, Elternbeirat, Eltern, Lehrkr\u00e4ften, Kindern und den \u00f6rtlichen Kinderg\u00e4rten zahlten sich aus: Schon beim Betreten der liebevoll geschm\u00fcckten Schule wurden die Besucher*innen von funkelnden Dekorationen und einer herzlichen Atmosph\u00e4re empfangen.<\/p>\n\n\n\n<p>Die Er\u00f6ffnung des Bazars \u00fcbernahm traditionell der Kinderchor der M\u00f6rikeschule unter der Leitung von Frau Holz\u00e4pfel und Frau Hummel. Anschlie\u00dfend verteilten sich die G\u00e4ste in alle Winkel des Schulhauses, um die vielf\u00e4ltigen Angebote zu entdecken.<\/p>\n\n\n\n<p>Die Bastelstationen der Lehrkr\u00e4fte standen in diesem Jahr ganz im Zeichen des Mottos \u201efunkelnde Sterne\u201c. Auch das Gestalten eigener Laternen bereitete Freude. Die strahlenden Kunstwerke wurden mit Stolz pr\u00e4sentiert und zauberten leuchtende Augen \u2013 nicht nur bei den kleinen K\u00fcnstler*innen.<\/p>\n\n\n\n<p>An den bunten Verkaufsst\u00e4nden gab es handgefertigte Geschenke, weihnachtliche Dekorationen und hausgemachte K\u00f6stlichkeiten zu kaufen. Die vierten Klassen versorgten die G\u00e4ste mit duftenden Waffeln und Getr\u00e4nken, w\u00e4hrend der verlockende Duft von Punsch und frisch gegrillten W\u00fcrstchen durch die Luft zog. In der Mensa erwartete die Besucher*innen eine gro\u00dfe Auswahl an Kuchen, die von den Eltern liebevoll gebacken und gespendet worden waren.<\/p>\n\n\n\n<p>Ein gro\u00dfes Dankesch\u00f6n gilt allen, die mit ihrer Zeit, ihrer Kreativit\u00e4t und ihrem Engagement zum Gelingen dieses wunderbaren Tages beigetragen haben. Es war ein Sternenfest, das in Erinnerung bleibt und die Vorfreude auf das n\u00e4chste Jahr weckt.<\/p>\n\n\n\n<h3>M\u00f6rikanerInnen unterst\u00fctzen Tigers T\u00fcbingen<\/h3>\n\n\n<div class=\"wp-block-image\">\n<figure class=\"aligncenter size-large is-resized\"><img decoding=\"async\" loading=\"lazy\" src=\"data:image\/gif;base64,R0lGODlhAQABAAAAACH5BAEKAAEALAAAAAABAAEAAAICTAEAOw==\" data-layzr=\"https:\/\/www.moerikeschule.de\/wp-content\/uploads\/2024\/11\/WhatsApp-Image-2024-11-18-at-20.37.00-1024x768.jpeg\" alt=\"\" class=\"wp-image-1071\" width=\"569\" height=\"427\" data-layzr-srcset=\"https:\/\/www.moerikeschule.de\/wp-content\/uploads\/2024\/11\/WhatsApp-Image-2024-11-18-at-20.37.00-1024x768.jpeg 1024w, https:\/\/www.moerikeschule.de\/wp-content\/uploads\/2024\/11\/WhatsApp-Image-2024-11-18-at-20.37.00-300x225.jpeg 300w, https:\/\/www.moerikeschule.de\/wp-content\/uploads\/2024\/11\/WhatsApp-Image-2024-11-18-at-20.37.00-768x576.jpeg 768w, https:\/\/www.moerikeschule.de\/wp-content\/uploads\/2024\/11\/WhatsApp-Image-2024-11-18-at-20.37.00-600x450.jpeg 600w, https:\/\/www.moerikeschule.de\/wp-content\/uploads\/2024\/11\/WhatsApp-Image-2024-11-18-at-20.37.00-1536x1152.jpeg 1536w, https:\/\/www.moerikeschule.de\/wp-content\/uploads\/2024\/11\/WhatsApp-Image-2024-11-18-at-20.37.00.jpeg 1600w\" sizes=\"(max-width: 569px) 100vw, 569px\" \/><\/figure><\/div>\n\n\n<p>Am Sonntag, den 17. November, machten sich einige basketballbegeisterte Sch\u00fclerinnen und Sch\u00fcler der M\u00f6rikeschule nach T\u00fcbingen auf, um die Tigers T\u00fcbingen bei ihrem Heimspiel gegen Rasta Vechta II zu unterst\u00fctzen. Zuvor hatten die Trainer der Young Tigers am Montag, den 11. November, im Rahmen des Sportunterrichts der vierten Klassen einen Einblick in die Welt des Basketballs gegeben und damit die Begeisterung f\u00fcr den Sport geweckt.<\/p>\n\n\n\n<p>Die Partie begann zun\u00e4chst holprig f\u00fcr die Tigers. Nach anf\u00e4nglichen Schwierigkeiten und einem deutlichen R\u00fcckstand von 9:20 nach dem ersten Viertel starteten die Tigers eine unvergleichliche Aufholjagd samt Dunking Show. Die M\u00f6rikanerInnen unterst\u00fctzten das Team aus T\u00fcbingen lautstark, so dass die Raubkatzen am Ende mit 85:69 als Sieger vom Platz gingen.<\/p>\n\n\n\n<p>Die M\u00f6rikeschule bedankt sich bei den Tigers f\u00fcr die Einladung und freut sich auf weitere spannende Begegnungen.<\/p>\n\n\n\n<div class=\"is-layout-flex wp-container-3 wp-block-columns\">\n<div class=\"is-layout-flow wp-block-column\">\n<figure class=\"wp-block-image size-large\"><img decoding=\"async\" loading=\"lazy\" width=\"1024\" height=\"576\" src=\"data:image\/gif;base64,R0lGODlhAQABAAAAACH5BAEKAAEALAAAAAABAAEAAAICTAEAOw==\" data-layzr=\"https:\/\/www.moerikeschule.de\/wp-content\/uploads\/2024\/11\/WhatsApp-Image-2024-11-18-at-20.51.57-1024x576.jpeg\" alt=\"\" class=\"wp-image-1073\" data-layzr-srcset=\"https:\/\/www.moerikeschule.de\/wp-content\/uploads\/2024\/11\/WhatsApp-Image-2024-11-18-at-20.51.57-1024x576.jpeg 1024w, https:\/\/www.moerikeschule.de\/wp-content\/uploads\/2024\/11\/WhatsApp-Image-2024-11-18-at-20.51.57-300x169.jpeg 300w, https:\/\/www.moerikeschule.de\/wp-content\/uploads\/2024\/11\/WhatsApp-Image-2024-11-18-at-20.51.57-768x432.jpeg 768w, https:\/\/www.moerikeschule.de\/wp-content\/uploads\/2024\/11\/WhatsApp-Image-2024-11-18-at-20.51.57-600x338.jpeg 600w, https:\/\/www.moerikeschule.de\/wp-content\/uploads\/2024\/11\/WhatsApp-Image-2024-11-18-at-20.51.57-1536x864.jpeg 1536w, https:\/\/www.moerikeschule.de\/wp-content\/uploads\/2024\/11\/WhatsApp-Image-2024-11-18-at-20.51.57.jpeg 1600w\" sizes=\"(max-width: 1024px) 100vw, 1024px\" \/><\/figure>\n<\/div>\n\n\n\n<div class=\"is-layout-flow wp-block-column\">\n<figure class=\"wp-block-image size-large\"><img decoding=\"async\" loading=\"lazy\" width=\"1024\" height=\"576\" src=\"data:image\/gif;base64,R0lGODlhAQABAAAAACH5BAEKAAEALAAAAAABAAEAAAICTAEAOw==\" data-layzr=\"https:\/\/www.moerikeschule.de\/wp-content\/uploads\/2024\/11\/WhatsApp-Image-2024-11-18-at-20.52.17-1-1024x576.jpeg\" alt=\"\" class=\"wp-image-1074\" data-layzr-srcset=\"https:\/\/www.moerikeschule.de\/wp-content\/uploads\/2024\/11\/WhatsApp-Image-2024-11-18-at-20.52.17-1-1024x576.jpeg 1024w, https:\/\/www.moerikeschule.de\/wp-content\/uploads\/2024\/11\/WhatsApp-Image-2024-11-18-at-20.52.17-1-300x169.jpeg 300w, https:\/\/www.moerikeschule.de\/wp-content\/uploads\/2024\/11\/WhatsApp-Image-2024-11-18-at-20.52.17-1-768x432.jpeg 768w, https:\/\/www.moerikeschule.de\/wp-content\/uploads\/2024\/11\/WhatsApp-Image-2024-11-18-at-20.52.17-1-600x338.jpeg 600w, https:\/\/www.moerikeschule.de\/wp-content\/uploads\/2024\/11\/WhatsApp-Image-2024-11-18-at-20.52.17-1-1536x864.jpeg 1536w, https:\/\/www.moerikeschule.de\/wp-content\/uploads\/2024\/11\/WhatsApp-Image-2024-11-18-at-20.52.17-1.jpeg 1600w\" sizes=\"(max-width: 1024px) 100vw, 1024px\" \/><\/figure>\n<\/div>\n<\/div>\n\n\n\n<hr class=\"wp-block-separator has-alpha-channel-opacity\"\/>\n\n\n\n<div class=\"is-layout-constrained wp-block-group\"><div class=\"wp-block-group__inner-container\">\n<div class=\"is-layout-constrained wp-block-group\"><div class=\"wp-block-group__inner-container\">\n<h2>Schuljahr 2023\/2024<\/h2>\n\n\n\n<h3>Schulausflug der M\u00f6rikeschule<\/h3>\n\n\n\n<div class=\"is-layout-flex wp-container-6 wp-block-columns\">\n<div class=\"is-layout-flow wp-block-column\" style=\"flex-basis:33.33%\">\n<figure class=\"wp-block-image size-large is-resized\"><img decoding=\"async\" loading=\"lazy\" src=\"data:image\/gif;base64,R0lGODlhAQABAAAAACH5BAEKAAEALAAAAAABAAEAAAICTAEAOw==\" data-layzr=\"https:\/\/www.moerikeschule.de\/wp-content\/uploads\/2024\/09\/image-4-576x1024.png\" alt=\"\" class=\"wp-image-1054\" width=\"293\" height=\"521\" data-layzr-srcset=\"https:\/\/www.moerikeschule.de\/wp-content\/uploads\/2024\/09\/image-4-576x1024.png 576w, https:\/\/www.moerikeschule.de\/wp-content\/uploads\/2024\/09\/image-4-169x300.png 169w, https:\/\/www.moerikeschule.de\/wp-content\/uploads\/2024\/09\/image-4-768x1365.png 768w, https:\/\/www.moerikeschule.de\/wp-content\/uploads\/2024\/09\/image-4-338x600.png 338w, https:\/\/www.moerikeschule.de\/wp-content\/uploads\/2024\/09\/image-4-864x1536.png 864w, https:\/\/www.moerikeschule.de\/wp-content\/uploads\/2024\/09\/image-4.png 900w\" sizes=\"(max-width: 293px) 100vw, 293px\" \/><\/figure>\n<\/div>\n\n\n\n<div class=\"is-layout-flow wp-block-column\" style=\"flex-basis:66.66%\">\n<p>Nach einer wetterbedingten Verschiebung kurz nach den Pfingstferien fand am Dienstag, den 18. Juni 2024, endlich der j\u00e4hrliche Schulausflug der M\u00f6rikeschule statt. Bei strahlendem Sonnenschein machten sich alle Sch\u00fclerinnen und Sch\u00fcler gemeinsam auf den Weg zur Kleingartenanlage Fohwasen.<\/p>\n\n\n\n<p>Nach der Ankunft suchten sich die Kinder zun\u00e4chst ein gem\u00fctliches Pl\u00e4tzchen zum Entspannen. Die weitl\u00e4ufige Anlage bot zahlreiche Aktivit\u00e4ten f\u00fcr jeden Geschmack: Toben, Fu\u00dfballspielen, Balancieren auf der Slackline oder einfach nur gem\u00fctlich auf der Picknickdecke spielen oder lesen. Es war f\u00fcr jedes Kind etwas dabei und die Kinder genossen den Tag in vollen Z\u00fcgen.<\/p>\n\n\n\n<p>Auch f\u00fcr das leibliche Wohl war bestens gesorgt. Mit zwei Grillplatten ausgestattet, konnte jedes Kind sein mitgebrachtes Grillgut mit Hilfe der Lehrkraft zubereiten und anschlie\u00dfend gemeinsam mit den Freunden genie\u00dfen.<\/p>\n\n\n\n<p>Der Ausflug war ein voller Erfolg und hat allen Beteiligten gro\u00dfen Spa\u00df gemacht.&nbsp;<\/p>\n\n\n\n<p>Ein herzliches Dankesch\u00f6n an alle Helferinnen und Helfer, die uns an diesem besonderen Tag unterst\u00fctzt haben!<\/p>\n<\/div>\n<\/div>\n\n\n\n<hr class=\"wp-block-separator has-alpha-channel-opacity is-style-dots\"\/>\n\n\n\n<h3>Besuch der M\u00f6rikeschule in der Philharmonie Reutlingen<\/h3>\n\n\n<div class=\"wp-block-image\">\n<figure class=\"aligncenter size-full is-resized\"><img decoding=\"async\" loading=\"lazy\" src=\"data:image\/gif;base64,R0lGODlhAQABAAAAACH5BAEKAAEALAAAAAABAAEAAAICTAEAOw==\" data-layzr=\"https:\/\/www.moerikeschule.de\/wp-content\/uploads\/2024\/09\/image-3.png\" alt=\"\" class=\"wp-image-1053\" width=\"459\" height=\"344\" data-layzr-srcset=\"https:\/\/www.moerikeschule.de\/wp-content\/uploads\/2024\/09\/image-3.png 1024w, https:\/\/www.moerikeschule.de\/wp-content\/uploads\/2024\/09\/image-3-300x225.png 300w, https:\/\/www.moerikeschule.de\/wp-content\/uploads\/2024\/09\/image-3-768x576.png 768w, https:\/\/www.moerikeschule.de\/wp-content\/uploads\/2024\/09\/image-3-600x450.png 600w\" sizes=\"(max-width: 459px) 100vw, 459px\" \/><\/figure><\/div>\n\n\n<p>Am Freitag, 8. M\u00e4rz 2024, erlebten die Sch\u00fclerinnen und Sch\u00fcler der M\u00f6rikeschule unter der Organisation von Frau Holz\u00e4pfel ein musikalisches Abenteuer in der Philharmonie Reutlingen. Gemeinsam begaben sich die Kinder voller Vorfreude auf das Familienkonzert \u201edas Zookonzert\u201c zu Fu\u00df zur Philharmonie Reutlingen. Auf den Ausflug hatten sich die Kinder bereits im Musikunterricht intensiv vorbereitet.<\/p>\n\n\n\n<p>Das Orchester begeisterte die jungen Zuh\u00f6rerinnen und Zuh\u00f6rer mit dem Zookonzert von Erke Duit (Musik) und Marko Simsa (Text). Die Musik f\u00fchrte die Kinder in die fantasiereiche Welt der Rosalie. Neben dem Zuh\u00f6ren hatten die Kinder auch die M\u00f6glichkeit, aktiv am Geschehen teilzunehmen. Zahlreiche interaktive \u00dcbungen und Mitmachaktionen sorgten daf\u00fcr, dass die Kinder das Konzert nicht nur h\u00f6rten, sondern auch hautnah erlebten.<\/p>\n\n\n\n<p>Nach dem beeindruckenden Konzerterlebnis begaben sich die Sch\u00fclerinnen und Sch\u00fcler wieder auf den R\u00fcckweg nach Sondelfingen. Der Tag war nicht nur ein musikalisches Highlight, sondern auch eine wertvolle Erfahrung im Rahmen des schulischen Gemeinschaftslebens.<\/p>\n\n\n\n<p>Die M\u00f6rikeschule m\u00f6chte sich an dieser Stelle herzlich bei der Philharmonie Reutlingen und allen Begleitungen bedanken. Solche Erlebnisse bleiben noch lange in Erinnerung.<\/p>\n\n\n\n<hr class=\"wp-block-separator has-alpha-channel-opacity is-style-dots\"\/>\n<\/div><\/div>\n\n\n\n<div class=\"is-layout-constrained wp-block-group\"><div class=\"wp-block-group__inner-container\">\n<h3>Schulamtsdirektor besucht Kinderparlament: Gemeinsame L\u00f6sungsfindung f\u00fcr Schulanliegen<\/h3>\n\n\n<div class=\"wp-block-image\">\n<figure class=\"aligncenter size-large is-resized\"><img decoding=\"async\" loading=\"lazy\" src=\"data:image\/gif;base64,R0lGODlhAQABAAAAACH5BAEKAAEALAAAAAABAAEAAAICTAEAOw==\" data-layzr=\"https:\/\/www.moerikeschule.de\/wp-content\/uploads\/2024\/09\/image-2-1024x768.png\" alt=\"\" class=\"wp-image-1050\" width=\"415\" height=\"311\" data-layzr-srcset=\"https:\/\/www.moerikeschule.de\/wp-content\/uploads\/2024\/09\/image-2-1024x768.png 1024w, https:\/\/www.moerikeschule.de\/wp-content\/uploads\/2024\/09\/image-2-300x225.png 300w, https:\/\/www.moerikeschule.de\/wp-content\/uploads\/2024\/09\/image-2-768x576.png 768w, https:\/\/www.moerikeschule.de\/wp-content\/uploads\/2024\/09\/image-2-600x450.png 600w, https:\/\/www.moerikeschule.de\/wp-content\/uploads\/2024\/09\/image-2-1536x1152.png 1536w, https:\/\/www.moerikeschule.de\/wp-content\/uploads\/2024\/09\/image-2.png 1600w\" sizes=\"(max-width: 415px) 100vw, 415px\" \/><\/figure><\/div>\n\n\n<p>Der Schulamtsdirektor Herr Sch\u00fcler besuchte am 23.2.2024 das Kinderparlament der M\u00f6rikeschule Sondelfingen, um sich den Fragen und Anliegen der Sch\u00fclerinnen und Sch\u00fcler rund um das Thema Schule zu stellen. Gemeinsam mit der Schulleiterin Frau Turki, wurde eine offene Diskussion \u00fcber verschiedene Sachverhalte gef\u00fchrt. Zu Beginn des Treffens stellte der Schulamtsdirektor sich kurz vor und erl\u00e4uterte seine Rolle und Aufgaben. Die Kinder zeigten gro\u00dfes Interesse und stellten Fragen zu verschiedenen Belangen, darunter die gef\u00fchlte fehlende Ausstattung wie ein eigenes Schwimmbad f\u00fcr die Schule. Der Schulamtsdirektor erkl\u00e4rte, dass finanzielle Gr\u00fcnde und die potenzielle Auslastung eines schuleigenen Schwimmbads die Hauptfaktoren seien, die dieses Vorhaben erschweren. Auf weitere Ausstattungsw\u00fcnsche, wie zum Beispiel eine Netzschaukel f\u00fcr den zweiten Pausenhof, wiesen sowohl der Schulamtsdirektor als auch Frau Turki auf das Mitspracherecht der Kinder hin. Sie ermutigten die Sch\u00fclerinnen und Sch\u00fcler, sich im Klassenrat und im Kinderparlament f\u00fcr ihre Anliegen einzusetzen, damit die Schulleitung diese beim Schultr\u00e4ger vorbringen k\u00f6nne.<br>Ein weiteres besonders bedeutsames Anliegen der Kinder war die n\u00e4chtliche Verschmutzung, insbesondere mit Glasscherben des Schulhofs durch Jugendliche. Der Schulamtsdirektor erkl\u00e4rte, dass die Installation von \u00dcberwachungskameras aus verschiedenen Gr\u00fcnden nicht m\u00f6glich sei. Stattdessen sollten sich die Kinder, \u00e4hnlich wie die Klasse 4a am 7.2.2024, an den Bezirksb\u00fcrgermeister Herr Schenk wenden, damit gemeinsam mit der Polizei Ma\u00dfnahmen zur Verbesserung der Situation erarbeitet werden k\u00f6nnten. Die Idee, sichtbare Schilder aufzustellen, wurde ebenfalls diskutiert und als weiteres Projekt des Kinderparlamentes vorgeschlagen. Dar\u00fcber hinaus wurde \u00fcber den Umgang der Kinder untereinander besprochen, wie sollen die Kinder mit Beleidigungen und Regelverst\u00f6\u00dfe umgehen. Herr Sch\u00fcler betonte hierbei die Konfliktl\u00f6sungsm\u00f6glichkeiten der Kinder untereinander und die M\u00f6glichkeiten solche Angelegenheiten im Klassenrat gemeinsam zu l\u00f6sen.<br>Insgesamt konnte der Schulamtsdirektor einf\u00fchlsam die Grenzen des Machbaren aufzeigen, aber gleichzeitig auch die Mitsprachem\u00f6glichkeiten der Kinder verdeutlichen und ermutigte sie, diese auszu\u00fcben. Die gemeinsame Diskussion und die Suche nach L\u00f6sungen verdeutlichten die Bedeutung einer aktiven Beteiligung der Sch\u00fclerinnen und Sch\u00fcler in der M\u00f6rikeschule an schulischen Angelegenheiten.<\/p>\n\n\n\n<hr class=\"wp-block-separator has-alpha-channel-opacity is-style-dots\"\/>\n\n\n\n<h3>Mottowoche an der M\u00f6rikeschule &#8211; Gemeinschaft und Spa\u00df vor den Faschingsferien<\/h3>\n\n\n\n<figure class=\"wp-block-image size-full is-resized\"><img decoding=\"async\" loading=\"lazy\" src=\"data:image\/gif;base64,R0lGODlhAQABAAAAACH5BAEKAAEALAAAAAABAAEAAAICTAEAOw==\" data-layzr=\"https:\/\/www.moerikeschule.de\/wp-content\/uploads\/2024\/02\/WhatsApp-Image-2024-02-12-at-20.20.18.jpeg\" alt=\"\" class=\"wp-image-915\" width=\"840\" height=\"420\" data-layzr-srcset=\"https:\/\/www.moerikeschule.de\/wp-content\/uploads\/2024\/02\/WhatsApp-Image-2024-02-12-at-20.20.18-300x151.jpeg 300w, https:\/\/www.moerikeschule.de\/wp-content\/uploads\/2024\/02\/WhatsApp-Image-2024-02-12-at-20.20.18-600x301.jpeg 600w\" sizes=\"(max-width: 840px) 100vw, 840px\" \/><\/figure>\n\n\n\n<p>In der Woche vor den Faschingsferien erlebte die M\u00f6rikeschule eine bunte und fr\u00f6hliche Zeit dank der traditionellen Mottowoche. Alle M\u00f6rikaner und M\u00f6rikanerinnen tauchten gemeinsam in eine Vielzahl von Kost\u00fcmen und Themen ein, die jeden Tag der Woche zu einem besonderen Erlebnis machten.<br>Der Auftakt erfolgte am Montag unter dem Motto &#8222;Schwarz-Wei\u00df&#8220;. Die Schulgemeinschaft erschien gekleidet in den klassischen Kontrastfarben und setzte damit ein stilvolles Zeichen f\u00fcr den Beginn der narrischen Woche. Am Dienstag folgte der gem\u00fctliche Teil der Mottowoche, denn es hie\u00df: &#8222;Schlafanzugtag&#8220;. So kam man in bequemen Schlafanz\u00fcgen zur Schule, was f\u00fcr eine entspannte Atmosph\u00e4re sorgte. Mitte der Woche stand ganz im Zeichen der Kreativit\u00e4t, denn am Mittwoch lautete das Motto &#8222;Kopfbedeckungen&#8220;. Von Cappys bis hin zu fantasievollen H\u00fcten war alles erlaubt, was den Kopf schm\u00fcckte und die Phantasie befl\u00fcgelte. Am Donnerstag folgte dann ein besonderes Highlight: &#8222;Bad Taste Day&#8220;. Hier zeigten die Teilnehmerinnen und Teilnehmer Mut zu schrillen Farben und ausgefallenen Outfits. Den kr\u00f6nenden Abschluss bildete am Freitag eine mit Spannung erwartete Faschingsfeier, bei der alle in ihren fantasievollen Kost\u00fcmen gl\u00e4nzen konnten. Nach einer stimmungsvollen Schulversammlung wurden alle M\u00f6rikanerinnen und M\u00f6rikaner von den Sondelfinger F\u00fcchsen und fetziger Faschingsmusik \u00fcberrascht. Gemeinsam wurde ausgelassen getanzt und gesungen, sodass die M\u00f6rikeschule in ein wahres Faschingsfest verwandelt wurde.<br>Die Mottowoche an der M\u00f6rikeschule war nicht nur eine Gelegenheit f\u00fcr Spa\u00df und Kreativit\u00e4t, sondern auch ein Zeichen f\u00fcr die starke Gemeinschaft und das Zusammengeh\u00f6rigkeitsgef\u00fchl an unserer Schule. Wir freuen uns bereits jetzt auf die n\u00e4chste Mottowoche und weitere gemeinsame Erlebnisse in unserer Schulgemeinschaft.<\/p>\n\n\n\n<hr class=\"wp-block-separator has-alpha-channel-opacity is-style-dots\"\/>\n\n\n\n<h3>Die Klasse 4a beim B\u00fcrgermeister<\/h3>\n\n\n<div class=\"wp-block-image\">\n<figure class=\"aligncenter size-large is-resized\"><img decoding=\"async\" loading=\"lazy\" src=\"data:image\/gif;base64,R0lGODlhAQABAAAAACH5BAEKAAEALAAAAAABAAEAAAICTAEAOw==\" data-layzr=\"https:\/\/www.moerikeschule.de\/wp-content\/uploads\/2024\/02\/20240206_083004-1024x768.jpg\" alt=\"\" class=\"wp-image-910\" width=\"519\" height=\"389\" data-layzr-srcset=\"https:\/\/www.moerikeschule.de\/wp-content\/uploads\/2024\/02\/20240206_083004-1024x768.jpg 1024w, https:\/\/www.moerikeschule.de\/wp-content\/uploads\/2024\/02\/20240206_083004-300x225.jpg 300w, https:\/\/www.moerikeschule.de\/wp-content\/uploads\/2024\/02\/20240206_083004-768x576.jpg 768w, https:\/\/www.moerikeschule.de\/wp-content\/uploads\/2024\/02\/20240206_083004-600x450.jpg 600w, https:\/\/www.moerikeschule.de\/wp-content\/uploads\/2024\/02\/20240206_083004-1536x1152.jpg 1536w, https:\/\/www.moerikeschule.de\/wp-content\/uploads\/2024\/02\/20240206_083004-2048x1536.jpg 2048w\" sizes=\"(max-width: 519px) 100vw, 519px\" \/><\/figure><\/div>\n\n\n<p>Am nebligen Dienstag dem 6.02.2024 war die Klasse 4a beim Sondelfinger B\u00fcrgermeister<br>Herr Schenk. Wir waren da, weil wir ein Anliegen hatten. Uns war es wichtig, ihm zu sagen,<br>dass die Jugendlichen unseren Schulhof immer wieder mit M\u00fcll beschmutzen und au\u00dferdem<br>werden viele Sachen kaputt gemacht. Besonders \u00e4rgern wir uns \u00fcber den M\u00fcll, den sie<br>liegen lassen. Im Dezember wurden Paletten angez\u00fcndet und im Januar brannte unsere<br>Papiertonne. Wir finden das sehr bl\u00f6d. Weil montags der Schulhof dann immer schmutzig ist.<br>Das Plastik der Papiertonne geht nicht mehr vom Boden ab und sieht unglaublich dreckig<br>aus. Der B\u00fcrgermeister hatte eine tolle Idee, wie es in der Zukunft besser werden k\u00f6nnte. Ein<br>Bewegungsmelder, der den Schulhof bei Nacht hell macht, k\u00f6nnte helfen die Jugendlichen<br>fern zu halten. Au\u00dferdem kommt der B\u00fcrgermeister zu uns an die Schule, um mit uns ein<br>Banner zu bemalen. Auf dem k\u00f6nnte stehen: \u201eBitte haltet unseren Pausenhof sauber!\u201c Wir<br>fanden den Vorschlag toll und freuen uns, wenn er kommt. Denn das ist unsere Schule, in<br>der wir lernen und spielen wollen.<br>Wir stellten ihm noch viele Fragen, die er uns sehr freundlich beantwortete. Auch stellten<br>wir ihm die Frage, mit wie viel Jahren er B\u00fcrgermeister wurde. Er antwortete, dass er mit 44<br>Jahren angefangen hatte und dieses Jahr wieder jemand als B\u00fcrgermeister gew\u00e4hlt wird. Wir<br>fanden das sehr spannend. Zum Abschluss bekam jeder noch eine Brezel, es war sehr lecker.<br>Jetzt warten wir gespannt auf seinen Besuch!<br><em>Olivia, Ramon und Tim (Klasse 4a der M\u00f6rikeschule)<\/em><\/p>\n\n\n\n<hr class=\"wp-block-separator has-alpha-channel-opacity is-style-dots\"\/>\n\n\n\n<h3>Gelungene Kooperation von Alt und Jung an der M\u00f6rikeschule<\/h3>\n\n\n\n<p>In Zusammenarbeit mit dem Altenkreis Sondelfingen fand am Donnerstag, 14.12.2023, das allj\u00e4hrliche Treffen von Generationen statt. Kinder der Schule brachten unter der Leitung von Frau Hummel mit besinnlichen Weihnachtsliedern eine festliche Stimmung in die R\u00e4ume.<\/p>\n\n\n\n<p>Die Tanzbegeisterten der Hip-Hop-AG, unter der Leitung von Frau Freimayer, beeindruckten die Anwesenden mit energiegeladenen und mitrei\u00dfenden Tanzeinlagen. Neben den engagierten Sch\u00fclerinnen und Sch\u00fcler und dem Altenkreis Sondelfingen war auch Sondelfingens Bezirksb\u00fcrgermeister Mike Schenk anwesend und w\u00fcrdigte die Beitr\u00e4ge der Kinder. Im Anschluss an die Auftritte lud die Klasse 4a unter der Organisation von Frau Frick zu einem gem\u00fctlichen Beisammensein ein. Bei duftendem Kaffee und leckerem Kuchen entstand eine herzliche Atmosph\u00e4re.<\/p>\n\n\n\n<p>Diese Veranstaltung unterstreicht die Bedeutung von generations\u00fcbergreifenden Begegnungen und zeigt, wie die M\u00f6rikeschule gemeinsam mit dem Altenkreis Sondelfingen ein positives Miteinander f\u00f6rdert. Ein herzlicher Dank geht an alle Beteiligten, die diese Zusammenkunft zu einem unvergesslichen Erlebnis gemacht haben.<\/p>\n\n\n\n<hr class=\"wp-block-separator has-alpha-channel-opacity is-style-dots\"\/>\n\n\n\n<h3>Handballbegeisterung an der M\u00f6rikeschule<\/h3>\n\n\n\n<p>Am vergangenen Freitag, 8.12.2023, erlebten die Zweitkl\u00e4ssler an der M\u00f6rikeschule in Sondelfingen einen aufregenden Handballaktionstag. Daf\u00fcr hie\u00dfen wir die TSG Reutlingen herzlich willkommen. Die Aktion zielte darauf ab, die Kinder f\u00fcr den Handballsport zu begeistern, ihre koordinativen F\u00e4higkeiten zu f\u00f6rdern und eine aktive, gesunde Freizeitgestaltung nahezubringen.&nbsp;<br>Die Sporthalle der Schule wurde in ein Handballparadies verwandelt, als verschiedene Stationen von ehrenamtlichen Trainer*innen aufgebaut und betreut wurden. In kleinen Gruppen durchliefen die Sch\u00fcler*innen die einzelnen Stationen, an denen sie die grundlegenden Techniken des Handballs erlernen konnten. Vom Fangen und Werfen bis hin zu einfachen Spielformen wurde den Kindern spielerisch vermittelt, was diesen Sport so aufregend macht. Am Ende der Trainingseinheit erhielten alle Kinder den Hanniball-Pass als Urkunde f\u00fcr die erfolgreiche Teilnahme \u00fcberreicht. Die strahlenden Gesichter der Zweitkl\u00e4ssler zeugten von der gelungenen Aktion.<br>Alle Kinder, die Lust auf Handball bekommen haben, sind herzlich dazu eingeladen, ins Kinderhandball-Training der TSG Reutlingen reinzuschnuppern. Meldet euch daf\u00fcr unter handball-jugend@tsg-reutlingen.de.<\/p>\n\n\n\n<hr class=\"wp-block-separator has-alpha-channel-opacity is-style-dots\"\/>\n\n\n\n<h3>Raiba-Adventsbazar an der M\u00f6rikeschule<\/h3>\n\n\n<div class=\"wp-block-image\">\n<figure class=\"aligncenter size-full is-resized\"><img decoding=\"async\" loading=\"lazy\" src=\"data:image\/gif;base64,R0lGODlhAQABAAAAACH5BAEKAAEALAAAAAABAAEAAAICTAEAOw==\" data-layzr=\"https:\/\/www.moerikeschule.de\/wp-content\/uploads\/2023\/12\/Raiba-Adventsbazar-4-1.jpeg\" alt=\"\" class=\"wp-image-893\" width=\"564\" height=\"321\" data-layzr-srcset=\"https:\/\/www.moerikeschule.de\/wp-content\/uploads\/2023\/12\/Raiba-Adventsbazar-4-1.jpeg 813w, https:\/\/www.moerikeschule.de\/wp-content\/uploads\/2023\/12\/Raiba-Adventsbazar-4-1-300x171.jpeg 300w, https:\/\/www.moerikeschule.de\/wp-content\/uploads\/2023\/12\/Raiba-Adventsbazar-4-1-768x437.jpeg 768w, https:\/\/www.moerikeschule.de\/wp-content\/uploads\/2023\/12\/Raiba-Adventsbazar-4-1-600x342.jpeg 600w\" sizes=\"(max-width: 564px) 100vw, 564px\" \/><\/figure><\/div>\n\n\n<p>Am vergangenen Samstag \u00f6ffnete die M\u00f6rikeschule in Sondelfingen ihre T\u00fcren f\u00fcr den traditionellen Raiba-Adventsbazar, der die Herzen der Besucher*innen mit winterlicher und vorweihnachtlicher Freude erf\u00fcllte. Die Vorbereitungen begannen bereits Wochen im Voraus, als der F\u00f6rderverein der M\u00f6rikeschule, der Elternbeirat und Eltern, Kinder, Lehrkr\u00e4fte und auch die Kinderg\u00e4rten in Sondelfingen daf\u00fcr sorgten, dass die Veranstaltung ein voller Erfolg werden w\u00fcrde. Durch Kreativit\u00e4t und Teamgeist konnten die Ergebnisse in jeder Ecke des liebevoll geschm\u00fcckten Schulgeb\u00e4udes entdeckt werden.<br>Der Bazar wurde unter der Leitung von Herrn K\u00fcfer durch den Kinderchor der M\u00f6rikeschule er\u00f6ffnet. Dabei spiegelte die&nbsp;Auswahl der Lieder die winterliche Stimmung des Tages wider. Nach dem Auftritt des Kinderchors str\u00f6mten die Besucher*innen an die liebevoll gestalteten Verkaufsst\u00e4nde, um handgefertigte Dekorationen, k\u00f6stliche Leckereien und andere selbstgemachte Produkte zu erwerben. Die vierten Klassen verkauften Waffeln und Getr\u00e4nke und der Duft von Punsch, Gl\u00fchwein und gegrillter Wurst zog durch die Luft. Es weckte die Vorfreude auf die kalte und festliche Jahreszeit. In der Mensa konnten Besucher*innen <\/p>\n\n\n\n<p>k\u00f6stliche Kuchen genie\u00dfen, welche von Eltern bereitgestellt wurden. F\u00fcr jeden Geschmack war etwas dabei. Lehrkr\u00e4fte boten zudem an verschiedenen Bastelstationen die M\u00f6glichkeit, kreativ zu werden. Hier konnten Kinder und ihre Begleitungen kleine Kunstwerke gestalten.<br>Insgesamt war der Adventsbazar an der M\u00f6rikeschule nicht nur eine Gelegenheit, Produkte zu erwerben, sondern auch ein Ort, an dem Gemeinschaft und vorwinterliche Freude im Mittelpunkt standen. Ein herzliches Dankesch\u00f6n geht an alle helfenden H\u00e4nde, die durch ihr Engagement und ihre Kreativit\u00e4t zum Gelingen des Raiba-Adventsbazars beigetragen haben.<\/p>\n\n\n\n<hr class=\"wp-block-separator has-alpha-channel-opacity is-style-dots\"\/>\n\n\n\n<h3>Projektwoche 2023\/2024<\/h3>\n\n\n\n<p><strong>Trommelnde Begeisterung an der M\u00f6rikeschule<\/strong><br>In der letzten Woche vor den Herbstferien stand an der M\u00f6rikeschule wieder eine Projektwoche an. Eine Woche lang stand Trommeln auf dem Stundenplan aller Klassen. Der studierte Schlagzeug- und Percussionlehrer Uwe Pfauch war an unserer Schule zu Gast, um zusammen mit den Sch\u00fclerinnen und Sch\u00fclern ein unvergessliches Trommelerlebnis zu schaffen. Getreu dem Motto \u201eGemeinsam im Takt\u201c probten die Kinder der Klassen im Laufe der Woche die Begleitung von einpr\u00e4genden Liedern.&nbsp;<br>Auf Cajons lernten die Kinder in kurzer Zeit und mit viel Spa\u00df und Motivation die Grundschl\u00e4ge und das Rhythmusgef\u00fchl. Auch den Umgang mit Boomwhackern konnten die Kinder schnell umsetzen und erzeugten gemeinsam gro\u00dfartig klingende Melodien.<br>Neben den \u00dcbungsstunden bastelten alle Kinder auch wundersch\u00f6ne eigene Trommeln aus Tont\u00f6pfen f\u00fcr zuhause.&nbsp;<br>Der H\u00f6hepunkt der Projektwoche war zweifellos der gro\u00dfe gemeinsame Abschluss-Auftritt aller Schulkinder der Klassen 1 bis 4. Bei Liedern wie \u201eGhostbusters\u201c oder \u201eWe Will Rock You\u201c musste auch die ein oder andere H\u00fcfte im Takt mitschwingen.<br>Es war eine Woche voller Begeisterung, Zusammenarbeit und rhythmischer Freude, welche Kinder und Lehrkr\u00e4fte gleicherma\u00dfen inspirierte.<\/p>\n\n\n\n<div class=\"is-layout-flex wp-container-10 wp-block-columns\">\n<div class=\"is-layout-flow wp-block-column\">\n<figure class=\"wp-block-image size-large\"><img decoding=\"async\" loading=\"lazy\" width=\"1024\" height=\"768\" src=\"data:image\/gif;base64,R0lGODlhAQABAAAAACH5BAEKAAEALAAAAAABAAEAAAICTAEAOw==\" data-layzr=\"https:\/\/www.moerikeschule.de\/wp-content\/uploads\/2023\/12\/Projektwoche_1-1-1024x768.jpg\" alt=\"\" class=\"wp-image-889\" data-layzr-srcset=\"https:\/\/www.moerikeschule.de\/wp-content\/uploads\/2023\/12\/Projektwoche_1-1-1024x768.jpg 1024w, https:\/\/www.moerikeschule.de\/wp-content\/uploads\/2023\/12\/Projektwoche_1-1-300x225.jpg 300w, https:\/\/www.moerikeschule.de\/wp-content\/uploads\/2023\/12\/Projektwoche_1-1-768x576.jpg 768w, https:\/\/www.moerikeschule.de\/wp-content\/uploads\/2023\/12\/Projektwoche_1-1-600x450.jpg 600w, https:\/\/www.moerikeschule.de\/wp-content\/uploads\/2023\/12\/Projektwoche_1-1-1536x1152.jpg 1536w, https:\/\/www.moerikeschule.de\/wp-content\/uploads\/2023\/12\/Projektwoche_1-1-2048x1536.jpg 2048w\" sizes=\"(max-width: 1024px) 100vw, 1024px\" \/><\/figure>\n<\/div>\n\n\n\n<div class=\"is-layout-flow wp-block-column\">\n<figure class=\"wp-block-image size-large\"><img decoding=\"async\" loading=\"lazy\" width=\"1024\" height=\"769\" src=\"data:image\/gif;base64,R0lGODlhAQABAAAAACH5BAEKAAEALAAAAAABAAEAAAICTAEAOw==\" data-layzr=\"https:\/\/www.moerikeschule.de\/wp-content\/uploads\/2023\/12\/Projektwoche_2-1024x769.jpg\" alt=\"\" class=\"wp-image-890\" data-layzr-srcset=\"https:\/\/www.moerikeschule.de\/wp-content\/uploads\/2023\/12\/Projektwoche_2-1024x769.jpg 1024w, https:\/\/www.moerikeschule.de\/wp-content\/uploads\/2023\/12\/Projektwoche_2-300x225.jpg 300w, https:\/\/www.moerikeschule.de\/wp-content\/uploads\/2023\/12\/Projektwoche_2-768x577.jpg 768w, https:\/\/www.moerikeschule.de\/wp-content\/uploads\/2023\/12\/Projektwoche_2-600x451.jpg 600w, https:\/\/www.moerikeschule.de\/wp-content\/uploads\/2023\/12\/Projektwoche_2-1536x1153.jpg 1536w, https:\/\/www.moerikeschule.de\/wp-content\/uploads\/2023\/12\/Projektwoche_2-2048x1538.jpg 2048w\" sizes=\"(max-width: 1024px) 100vw, 1024px\" \/><\/figure>\n<\/div>\n<\/div>\n<\/div><\/div>\n<\/div><\/div>\n\n\n\n<hr class=\"wp-block-separator has-alpha-channel-opacity\"\/>\n\n\n\n<h2>Schuljahr 2022\/2023<\/h2>\n\n\n\n<h3>Projektwoche Schuljahr 2022\/2023<\/h3>\n\n\n\n<p>In der Woche vor den Osterferien fand an der M\u00f6rikeschule die Zirkus-Projektwoche statt. Die ganze Woche \u00fcber stand das Zirkuszelt des Zirkus Piccolo auf der Wiese neben der Schule, sodass alle Kinder der M\u00f6rikeschule t\u00e4glich am Zirkusprojekt teilnehmen konnten. Nach einem ersten Ausprobieren w\u00e4hlten die Kinder selbst ihre Arbeitsgruppe aus, an der sie teilnehmen wollten. Die Kinder verwandelten sich f\u00fcnf Tage lang in Seilt\u00e4nzer, Bodenakrobaten, Trapezk\u00fcnstler, Clowns, Jongleure oder Drahtseilartisten. Mit viel Spa\u00df und gro\u00dfem Eifer \u00fcbten alle t\u00e4glich mit den Artisten des Zirkus Piccolo und ihren Lehrerinnen und Lehrern f\u00fcr die gro\u00dfe Auff\u00fchrung im Zirkuszelt. Am Ende der Woche wurde es dann f\u00fcr alle sehr aufregend, denn es hie\u00df nun: \u201eManege frei\u201c.&nbsp;<\/p>\n\n\n\n<p>Endlich durften die Kinder im gro\u00dfen Zirkuszelt ihren Eltern und G\u00e4sten ihr K\u00f6nnen und ihre Talente zeigen. Die einst\u00fcndige Zirkusvorstellung war ein voller Erfolg. Die Kinder waren alle so begeistert und stolz und wurden f\u00fcr ihre tollen Darbietungen mit gro\u00dfem Applaus und strahlenden Gesichtern belohnt.<\/p>\n\n\n\n<figure class=\"is-layout-flex wp-block-gallery-13 wp-block-gallery has-nested-images columns-default is-cropped\">\n<figure class=\"wp-block-image size-large\"><img decoding=\"async\" loading=\"lazy\" width=\"1024\" height=\"683\" data-id=\"680\"  src=\"data:image\/gif;base64,R0lGODlhAQABAAAAACH5BAEKAAEALAAAAAABAAEAAAICTAEAOw==\" data-layzr=\"https:\/\/www.moerikeschule.de\/wp-content\/uploads\/2023\/05\/Clowns-1024x683.jpeg\" alt=\"\" class=\"wp-image-680\" data-layzr-srcset=\"https:\/\/www.moerikeschule.de\/wp-content\/uploads\/2023\/05\/Clowns-1024x683.jpeg 1024w, https:\/\/www.moerikeschule.de\/wp-content\/uploads\/2023\/05\/Clowns-300x200.jpeg 300w, https:\/\/www.moerikeschule.de\/wp-content\/uploads\/2023\/05\/Clowns-768x512.jpeg 768w, https:\/\/www.moerikeschule.de\/wp-content\/uploads\/2023\/05\/Clowns-600x400.jpeg 600w, https:\/\/www.moerikeschule.de\/wp-content\/uploads\/2023\/05\/Clowns-1536x1024.jpeg 1536w, https:\/\/www.moerikeschule.de\/wp-content\/uploads\/2023\/05\/Clowns-2048x1365.jpeg 2048w\" sizes=\"(max-width: 1024px) 100vw, 1024px\" \/><\/figure>\n\n\n\n<figure class=\"wp-block-image size-large\"><img decoding=\"async\" loading=\"lazy\" width=\"1024\" height=\"683\" data-id=\"681\"  src=\"data:image\/gif;base64,R0lGODlhAQABAAAAACH5BAEKAAEALAAAAAABAAEAAAICTAEAOw==\" data-layzr=\"https:\/\/www.moerikeschule.de\/wp-content\/uploads\/2023\/05\/Tellerdreher-1024x683.jpeg\" alt=\"\" class=\"wp-image-681\" data-layzr-srcset=\"https:\/\/www.moerikeschule.de\/wp-content\/uploads\/2023\/05\/Tellerdreher-1024x683.jpeg 1024w, https:\/\/www.moerikeschule.de\/wp-content\/uploads\/2023\/05\/Tellerdreher-300x200.jpeg 300w, https:\/\/www.moerikeschule.de\/wp-content\/uploads\/2023\/05\/Tellerdreher-768x512.jpeg 768w, https:\/\/www.moerikeschule.de\/wp-content\/uploads\/2023\/05\/Tellerdreher-600x400.jpeg 600w, https:\/\/www.moerikeschule.de\/wp-content\/uploads\/2023\/05\/Tellerdreher-1536x1024.jpeg 1536w, https:\/\/www.moerikeschule.de\/wp-content\/uploads\/2023\/05\/Tellerdreher-2048x1365.jpeg 2048w\" sizes=\"(max-width: 1024px) 100vw, 1024px\" \/><\/figure>\n<\/figure>\n\n\n\n<hr class=\"wp-block-separator has-alpha-channel-opacity is-style-dots\"\/>\n\n\n\n<h3>SiegerInnen des Raiffeisenbank-Malwettbewerbs 2023<\/h3>\n\n\n\n<p>Auch in diesem Schuljahr beteiligten sich wieder alle Sch\u00fcler und Sch\u00fclerinnen der M\u00f6rikeschule am Malwettbewerb der Raiffeisenbank.&nbsp;<br>Diesmal hie\u00df das Thema: \u201eZusammenhalt &#8211; Wir!\u201c.&nbsp;<br>Die Kinder zeichneten und malten das, was sie unter Zusammenhalt verstehen oder was sie sich dazu vorstellen. Insgesamt entstanden wieder ganz tolle Werke, die nun im Eingangsbereich der M\u00f6rikeschule zu bestaunen sind. Neben den Gewinnerbildern, h\u00e4ngen n\u00e4mlich wie jedes Jahr auch die beiden besten Bilder der einzelnen Klassen.&nbsp;<\/p>\n\n\n\n<p>Wir gratulieren unseren diesj\u00e4hrigen Preistr\u00e4gerInnen ganz herzlich:&nbsp;<br>Klasse 1\/2:<\/p>\n\n\n\n<div class=\"is-layout-flex wp-container-17 wp-block-columns\">\n<div class=\"is-layout-flow wp-block-column\">\n<ol>\n<li>Preis: Katharina Boschert, 2b<\/li>\n\n\n\n<li>Preis: Malina Smylla, 2b<\/li>\n\n\n\n<li>Preis: Sarah Majic, 2c<\/li>\n\n\n\n<li>Preis: Alessandro Marinka, 2b<\/li>\n<\/ol>\n<\/div>\n\n\n\n<div class=\"is-layout-flow wp-block-column\">\n<figure class=\"wp-block-image size-large is-resized\"><img decoding=\"async\" loading=\"lazy\" src=\"data:image\/gif;base64,R0lGODlhAQABAAAAACH5BAEKAAEALAAAAAABAAEAAAICTAEAOw==\" data-layzr=\"https:\/\/www.moerikeschule.de\/wp-content\/uploads\/2023\/03\/image-6-1024x768.png\" alt=\"\" class=\"wp-image-647\" width=\"319\" height=\"239\" data-layzr-srcset=\"https:\/\/www.moerikeschule.de\/wp-content\/uploads\/2023\/03\/image-6-1024x768.png 1024w, https:\/\/www.moerikeschule.de\/wp-content\/uploads\/2023\/03\/image-6-300x225.png 300w, https:\/\/www.moerikeschule.de\/wp-content\/uploads\/2023\/03\/image-6-768x576.png 768w, https:\/\/www.moerikeschule.de\/wp-content\/uploads\/2023\/03\/image-6-600x450.png 600w, https:\/\/www.moerikeschule.de\/wp-content\/uploads\/2023\/03\/image-6-1536x1152.png 1536w, https:\/\/www.moerikeschule.de\/wp-content\/uploads\/2023\/03\/image-6-2048x1536.png 2048w\" sizes=\"(max-width: 319px) 100vw, 319px\" \/><\/figure>\n<\/div>\n<\/div>\n\n\n\n<p>Klasse 3\/4:&nbsp;<\/p>\n\n\n\n<div class=\"is-layout-flex wp-container-20 wp-block-columns\">\n<div class=\"is-layout-flow wp-block-column\">\n<ol>\n<li>Preis: Razan Abutuq, 4a<\/li>\n\n\n\n<li>Preis: Kim Dajretzis, 3b<\/li>\n\n\n\n<li>Preis: Ilinka Cociorba, 4b<\/li>\n<\/ol>\n<\/div>\n\n\n\n<div class=\"is-layout-flow wp-block-column\">\n<figure class=\"wp-block-image size-large is-resized\"><img decoding=\"async\" loading=\"lazy\" src=\"data:image\/gif;base64,R0lGODlhAQABAAAAACH5BAEKAAEALAAAAAABAAEAAAICTAEAOw==\" data-layzr=\"https:\/\/www.moerikeschule.de\/wp-content\/uploads\/2023\/03\/image-7-1024x768.png\" alt=\"\" class=\"wp-image-648\" width=\"318\" height=\"238\" data-layzr-srcset=\"https:\/\/www.moerikeschule.de\/wp-content\/uploads\/2023\/03\/image-7-1024x768.png 1024w, https:\/\/www.moerikeschule.de\/wp-content\/uploads\/2023\/03\/image-7-300x225.png 300w, https:\/\/www.moerikeschule.de\/wp-content\/uploads\/2023\/03\/image-7-768x576.png 768w, https:\/\/www.moerikeschule.de\/wp-content\/uploads\/2023\/03\/image-7-600x450.png 600w, https:\/\/www.moerikeschule.de\/wp-content\/uploads\/2023\/03\/image-7-1536x1152.png 1536w, https:\/\/www.moerikeschule.de\/wp-content\/uploads\/2023\/03\/image-7-2048x1536.png 2048w, https:\/\/www.moerikeschule.de\/wp-content\/uploads\/2023\/03\/image-7-360x268.png 360w\" sizes=\"(max-width: 318px) 100vw, 318px\" \/><\/figure>\n<\/div>\n<\/div>\n\n\n\n<div class=\"is-layout-flex wp-container-22 wp-block-columns\">\n<div class=\"is-layout-flow wp-block-column\">\n<p>Wir dr\u00fccken allen Gewinnern und Gewinnerinnen die Daumen f\u00fcr den Landeswettbewerb.&nbsp;<\/p>\n<\/div>\n<\/div>\n\n\n\n<hr class=\"wp-block-separator has-alpha-channel-opacity is-style-dots\"\/>\n\n\n\n<h3>Faschingswoche an der M\u00f6rikeschule<\/h3>\n\n\n<div class=\"wp-block-image\">\n<figure class=\"alignright is-resized\"><img decoding=\"async\" loading=\"lazy\" src=\"data:image\/gif;base64,R0lGODlhAQABAAAAACH5BAEKAAEALAAAAAABAAEAAAICTAEAOw==\" data-layzr=\"https:\/\/www.moerikeschule.de\/wp-content\/uploads\/2023\/03\/image-1024x768.png\" alt=\"\" width=\"314\" height=\"236\"\/><\/figure><\/div>\n\n\n<p>In der Woche vor den Faschingsferien fand an der M\u00f6rikeschule eine Mottowoche statt. Am Montag war Capi- Tag, am Dienstag &nbsp;\u201ebad taste\u201c Tag, Mittwoch war Jogginghosen-Tag und Donnerstag \u201eblack and white\u201c Tag. Am Freitag durfte sich dann jeder verkleiden, wie er wollte. Zun\u00e4chst feierten alle M\u00f6rikaner in ihrer Klasse Fasching, anschlie\u00dfend traf sich die gesamte Schulgemeinschaft im Teppichbodenraum zur gemeinsamen Feier. Neben der Gesangseinlage des Chors, f\u00fchren auch einzelne Klassen und die Hip-Hop AG etwas vor. Die sch\u00f6nsten und kreativsten Kost\u00fcme wurden zudem pr\u00e4miert. H\u00f6hepunkt der Feier war nat\u00fcrlich der Besuch der Sondelfinger F\u00fcchse, die zum Abschluss mit allen M\u00f6rikanern Party machten und uns in die Faschingsferien befreiten. Herzlichen Dank nochmals an die Sondelfinger F\u00fcchse f\u00fcr ihren Besuch.<\/p>\n","protected":false},"excerpt":{"rendered":"<p>Schuljahr 2024\/2025 M\u00f6rikeschule beteiligt sich erneut am SpoSpiTo-Bewegungsprojekt Auch in diesem Jahr hat sich die M\u00f6rikeschule mit gro\u00dfer Freude am Projekt \u201eSpoSpiTo \u2013 Sporteln-Spielen-Toben\u201c beteiligt. Ziel dieser bundesweiten Aktion ist es, Kinder zu mehr Bewegung im Alltag zu motivieren \u2013 insbesondere auf dem Schulweg. Statt mit dem Auto gebracht zu werden, sollen die Sch\u00fclerinnen und [&hellip;]<\/p>\n","protected":false},"author":1,"featured_media":0,"parent":0,"menu_order":0,"comment_status":"closed","ping_status":"closed","template":"","meta":{"ngg_post_thumbnail":0},"_links":{"self":[{"href":"https:\/\/www.moerikeschule.de\/index.php?rest_route=\/wp\/v2\/pages\/633"}],"collection":[{"href":"https:\/\/www.moerikeschule.de\/index.php?rest_route=\/wp\/v2\/pages"}],"about":[{"href":"https:\/\/www.moerikeschule.de\/index.php?rest_route=\/wp\/v2\/types\/page"}],"author":[{"embeddable":true,"href":"https:\/\/www.moerikeschule.de\/index.php?rest_route=\/wp\/v2\/users\/1"}],"replies":[{"embeddable":true,"href":"https:\/\/www.moerikeschule.de\/index.php?rest_route=%2Fwp%2Fv2%2Fcomments&post=633"}],"version-history":[{"count":29,"href":"https:\/\/www.moerikeschule.de\/index.php?rest_route=\/wp\/v2\/pages\/633\/revisions"}],"predecessor-version":[{"id":1100,"href":"https:\/\/www.moerikeschule.de\/index.php?rest_route=\/wp\/v2\/pages\/633\/revisions\/1100"}],"wp:attachment":[{"href":"https:\/\/www.moerikeschule.de\/index.php?rest_route=%2Fwp%2Fv2%2Fmedia&parent=633"}],"curies":[{"name":"wp","href":"https:\/\/api.w.org\/{rel}","templated":true}]}}